{"id":7259,"date":"2022-03-08T15:50:18","date_gmt":"2022-03-08T14:50:18","guid":{"rendered":"https:\/\/www.helgaseewann.de\/privacy-policy\/"},"modified":"2023-01-11T17:23:46","modified_gmt":"2023-01-11T16:23:46","slug":"privacy-policy","status":"publish","type":"page","link":"https:\/\/www.helgaseewann.de\/en\/privacy-policy\/","title":{"rendered":"Privacy policy"},"content":{"rendered":"\t\t<div data-elementor-type=\"wp-page\" data-elementor-id=\"7259\" class=\"elementor elementor-7259 elementor-3\" data-elementor-post-type=\"page\">\n\t\t\t\t\t\t\t\t\t<section class=\"elementor-section elementor-top-section elementor-element elementor-element-508b20ea elementor-section-boxed elementor-section-height-default elementor-section-height-default\" data-id=\"508b20ea\" data-element_type=\"section\" data-settings=\"{&quot;_ha_eqh_enable&quot;:false}\">\n\t\t\t\t\t\t<div class=\"elementor-container elementor-column-gap-default\">\n\t\t\t\t\t<div class=\"elementor-column elementor-col-100 elementor-top-column elementor-element elementor-element-11518203\" data-id=\"11518203\" data-element_type=\"column\">\n\t\t\t<div class=\"elementor-widget-wrap elementor-element-populated\">\n\t\t\t\t\t\t\t\t<div class=\"elementor-element elementor-element-15467e04 elementor-widget elementor-widget-text-editor\" data-id=\"15467e04\" data-element_type=\"widget\" data-widget_type=\"text-editor.default\">\n\t\t\t\t<div class=\"elementor-widget-container\">\n\t\t\t<style>\/*! elementor - v3.18.0 - 20-12-2023 *\/\n.elementor-widget-text-editor.elementor-drop-cap-view-stacked .elementor-drop-cap{background-color:#69727d;color:#fff}.elementor-widget-text-editor.elementor-drop-cap-view-framed .elementor-drop-cap{color:#69727d;border:3px solid;background-color:transparent}.elementor-widget-text-editor:not(.elementor-drop-cap-view-default) .elementor-drop-cap{margin-top:8px}.elementor-widget-text-editor:not(.elementor-drop-cap-view-default) .elementor-drop-cap-letter{width:1em;height:1em}.elementor-widget-text-editor .elementor-drop-cap{float:left;text-align:center;line-height:1;font-size:50px}.elementor-widget-text-editor .elementor-drop-cap-letter{display:inline-block}<\/style>\t\t\t\t<strong>The person responsible within the meaning of the data protection laws, in particular the <\/strong>\r\n<strong>the EU General Data Protection Regulation (DSGVO), is:<\/strong>\r\nHelga Seewann\r\n\r\n<strong>Your data subject rights<\/strong>\r\nYou can exercise the following rights at any time using the contact details provided for our data protection officer:\r\n<ul>\r\n \t<li>Information about your data stored by us and its processing (Art. 15 DSGVO),<\/li>\r\n \t<li>Correction of incorrect personal data (Art. 16 DSGVO),<\/li>\r\n \t<li>deletion of your data stored by us (Art. 17 DSGVO),<\/li>\r\n \t<li>Restriction of data processing if we are not yet allowed to delete your data due to legal obligations (Art. 18 DSGVO),<\/li>\r\n \t<li>objection to the processing of your data by us (Art. 21 DSGVO) and<\/li>\r\n \t<li>Data portability, provided you have consented to the data processing or have concluded a contract with us (Art. 20 DSGVO).<\/li>\r\n<\/ul>\r\nIf you have given us consent, you can revoke this at any time with effect for the future.\r\n\r\nYou can lodge a complaint with a supervisory authority at any time, e.g. the competent supervisory authority in the federal state of your residence or the authority responsible for us as the controller.\r\n\r\nA list of the supervisory authorities (for the non-public sector) with address can be found at: https:\/\/www.bfdi.bund.de\/DE\/Service\/Anschriften\/Laender\/Laender-node.html.\r\n\r\n<strong>Contact form<\/strong>\r\n<strong>Type and purpose of processing<\/strong>\r\nThe data you enter will be stored for the purpose of individual communication with you. For this purpose, it is necessary to provide a valid e-mail address and your name. This is used for the assignment of the enquiry and the subsequent response to it. The provision of further data is optional.\r\n\r\n<strong>Legal basis<\/strong>\r\nThe processing of the data entered in the contact form is based on a legitimate interest (Art. 6 para. 1 lit. f DSGVO).\r\n\r\nBy providing the contact form, we would like to enable you to contact us in an uncomplicated manner. The information you provide will be stored for the purpose of processing the enquiry and for possible follow-up questions.\r\n\r\nIf you contact us to request a quote, the data entered in the contact form will be processed to carry out pre-contractual measures (Art. 6 para. 1 lit. b DSGVO).\r\n\r\n<strong>Recipients<\/strong>\r\nRecipients of the data are, if applicable, order processors.\r\n\r\n<strong>Third country transfer<\/strong>\r\nThe collected data may be transferred to the following third countries: No\r\nThe following data protection guarantees are in place:\r\n\r\n<strong>Storage period<\/strong>\r\nData will be deleted no later than 6 months after the request has been processed.\r\n\r\nIf a contractual relationship arises, we are subject to the statutory retention periods according to the German Commercial Code (HGB) and will delete your data after these periods have expired.\r\n\r\n<strong>Provision mandatory or required<\/strong>\r\nThe provision of your personal data is voluntary. However, we can only process your request if you provide us with your name, e-mail address and the reason for the request.\r\n\r\n<strong>SSL encryption<\/strong>\r\nTo protect the security of your data during transmission, we use state-of-the-art encryption procedures (e.g. SSL) via HTTPS.\r\n\r\n<strong>Information about your right of objection according to Art. 21 DSGVO<\/strong>\r\n<strong>Individual right of objection<\/strong>\r\n\r\nYou have the right to object at any time, on grounds relating to your particular situation, to the processing of personal data relating to you which is carried out on the basis of Art. 6(1)(f) DSGVO (data processing on the basis of a balance of interests); this also applies to profiling based on this provision within the meaning of Art. 4 No. 4 DSGVO.\r\n\r\nIf you object, we will no longer process your personal data unless we can demonstrate compelling legitimate grounds for the processing which override your interests, rights and freedoms, or the processing serves to assert, exercise or defend legal claims.\r\n\r\n<strong>Recipients of an objection<\/strong>\r\nHelga Seewann\r\nIsabella Street 13\r\n80798 Munich\r\n\r\n<strong>Changes to our data protection policy<\/strong>\r\nWe reserve the right to adapt this data protection declaration so that it always complies with the current legal requirements or in order to implement changes to our services in the data protection declaration, e.g. when introducing new services. The new data protection statement will then apply to your next visit.\r\n\r\n<strong>Questions to the data protection officer<\/strong>\r\nIf you have any questions about data protection, please write us an email or contact the person responsible for data protection in our organisation directly: post@helgaseewann.de.\r\n\r\n<em>This privacy statement was created with the help of activeMind AG, the experts for external data protection officers (version #2020-09-30).<\/em>\t\t\t\t\t\t<\/div>\n\t\t\t\t<\/div>\n\t\t\t\t\t<\/div>\n\t\t<\/div>\n\t\t\t\t\t\t\t<\/div>\n\t\t<\/section>\n\t\t\t\t\t\t\t<\/div>\n\t\t","protected":false},"excerpt":{"rendered":"<p>The person responsible within the meaning of the data protection laws, in particular the the EU General Data Protection Regulation (DSGVO), is: Helga Seewann Your data subject rights You can exercise the following rights at any time using the contact details provided for our data protection officer: Information about your data stored by us and [&hellip;]<\/p>\n","protected":false},"author":1,"featured_media":0,"parent":0,"menu_order":0,"comment_status":"closed","ping_status":"open","template":"","meta":{"footnotes":""},"class_list":["post-7259","page","type-page","status-publish","hentry"],"yoast_head":"<!-- This site is optimized with the Yoast SEO plugin v27.5 - https:\/\/yoast.com\/product\/yoast-seo-wordpress\/ -->\n<title>Privacy policy - Helga Seewann<\/title>\n<meta name=\"description\" content=\"Helga Seewann ist seit 1984 als Performerin und Choreographin t\u00e4tig. Sie unterrichtete viele Jahren an Schauspielschulen und heute noch in ihrem eigenen Studio in M\u00fcnchen\" \/>\n<meta name=\"robots\" content=\"index, follow, max-snippet:-1, max-image-preview:large, max-video-preview:-1\" \/>\n<link rel=\"canonical\" href=\"https:\/\/www.helgaseewann.de\/datenschutzerklaerung\/\" \/>\n<meta property=\"og:locale\" content=\"en_US\" \/>\n<meta property=\"og:type\" content=\"article\" \/>\n<meta property=\"og:title\" content=\"Privacy policy - Helga Seewann\" \/>\n<meta property=\"og:description\" content=\"Helga Seewann ist seit 1984 als Performerin und Choreographin t\u00e4tig. Sie unterrichtete viele Jahren an Schauspielschulen und heute noch in ihrem eigenen Studio in M\u00fcnchen\" \/>\n<meta property=\"og:url\" content=\"https:\/\/www.helgaseewann.de\/datenschutzerklaerung\/\" \/>\n<meta property=\"og:site_name\" content=\"Helga Seewann\" \/>\n<meta property=\"article:modified_time\" content=\"2023-01-11T16:23:46+00:00\" \/>\n<meta name=\"twitter:card\" content=\"summary_large_image\" \/>\n<meta name=\"twitter:label1\" content=\"Est. reading time\" \/>\n\t<meta name=\"twitter:data1\" content=\"4 minutes\" \/>\n<script type=\"application\/ld+json\" class=\"yoast-schema-graph\">{\"@context\":\"https:\\\/\\\/schema.org\",\"@graph\":[{\"@type\":\"WebPage\",\"@id\":\"https:\\\/\\\/www.helgaseewann.de\\\/datenschutzerklaerung\\\/\",\"url\":\"https:\\\/\\\/www.helgaseewann.de\\\/datenschutzerklaerung\\\/\",\"name\":\"Privacy policy - Helga Seewann\",\"isPartOf\":{\"@id\":\"https:\\\/\\\/www.helgaseewann.de\\\/#website\"},\"datePublished\":\"2022-03-08T14:50:18+00:00\",\"dateModified\":\"2023-01-11T16:23:46+00:00\",\"description\":\"Helga Seewann ist seit 1984 als Performerin und Choreographin t\u00e4tig. Sie unterrichtete viele Jahren an Schauspielschulen und heute noch in ihrem eigenen Studio in M\u00fcnchen\",\"breadcrumb\":{\"@id\":\"https:\\\/\\\/www.helgaseewann.de\\\/datenschutzerklaerung\\\/#breadcrumb\"},\"inLanguage\":\"en-US\",\"potentialAction\":[{\"@type\":\"ReadAction\",\"target\":[\"https:\\\/\\\/www.helgaseewann.de\\\/datenschutzerklaerung\\\/\"]}]},{\"@type\":\"BreadcrumbList\",\"@id\":\"https:\\\/\\\/www.helgaseewann.de\\\/datenschutzerklaerung\\\/#breadcrumb\",\"itemListElement\":[{\"@type\":\"ListItem\",\"position\":1,\"name\":\"Startseite\",\"item\":\"https:\\\/\\\/www.helgaseewann.de\\\/en\\\/\"},{\"@type\":\"ListItem\",\"position\":2,\"name\":\"Privacy policy\"}]},{\"@type\":\"WebSite\",\"@id\":\"https:\\\/\\\/www.helgaseewann.de\\\/#website\",\"url\":\"https:\\\/\\\/www.helgaseewann.de\\\/\",\"name\":\"Helga Seewann\",\"description\":\"Internetauftritt der zeitgen\u00f6ssischen T\u00e4nzerin, Trauer- und Gedenkt\u00e4nzerin und Choreografin\",\"publisher\":{\"@id\":\"https:\\\/\\\/www.helgaseewann.de\\\/#organization\"},\"potentialAction\":[{\"@type\":\"SearchAction\",\"target\":{\"@type\":\"EntryPoint\",\"urlTemplate\":\"https:\\\/\\\/www.helgaseewann.de\\\/?s={search_term_string}\"},\"query-input\":{\"@type\":\"PropertyValueSpecification\",\"valueRequired\":true,\"valueName\":\"search_term_string\"}}],\"inLanguage\":\"en-US\"},{\"@type\":\"Organization\",\"@id\":\"https:\\\/\\\/www.helgaseewann.de\\\/#organization\",\"name\":\"Helga Seewann \u2013 K\u00f6rperarbeit, Tanz\",\"url\":\"https:\\\/\\\/www.helgaseewann.de\\\/\",\"logo\":{\"@type\":\"ImageObject\",\"inLanguage\":\"en-US\",\"@id\":\"https:\\\/\\\/www.helgaseewann.de\\\/#\\\/schema\\\/logo\\\/image\\\/\",\"url\":\"https:\\\/\\\/www.helgaseewann.de\\\/wp-content\\\/uploads\\\/2022\\\/06\\\/helga-seewann-logo-scaled.jpg\",\"contentUrl\":\"https:\\\/\\\/www.helgaseewann.de\\\/wp-content\\\/uploads\\\/2022\\\/06\\\/helga-seewann-logo-scaled.jpg\",\"width\":2560,\"height\":1533,\"caption\":\"Helga Seewann \u2013 K\u00f6rperarbeit, Tanz\"},\"image\":{\"@id\":\"https:\\\/\\\/www.helgaseewann.de\\\/#\\\/schema\\\/logo\\\/image\\\/\"}}]}<\/script>\n<!-- \/ Yoast SEO plugin. -->","yoast_head_json":{"title":"Privacy policy - Helga Seewann","description":"Helga Seewann ist seit 1984 als Performerin und Choreographin t\u00e4tig. Sie unterrichtete viele Jahren an Schauspielschulen und heute noch in ihrem eigenen Studio in M\u00fcnchen","robots":{"index":"index","follow":"follow","max-snippet":"max-snippet:-1","max-image-preview":"max-image-preview:large","max-video-preview":"max-video-preview:-1"},"canonical":"https:\/\/www.helgaseewann.de\/datenschutzerklaerung\/","og_locale":"en_US","og_type":"article","og_title":"Privacy policy - Helga Seewann","og_description":"Helga Seewann ist seit 1984 als Performerin und Choreographin t\u00e4tig. Sie unterrichtete viele Jahren an Schauspielschulen und heute noch in ihrem eigenen Studio in M\u00fcnchen","og_url":"https:\/\/www.helgaseewann.de\/datenschutzerklaerung\/","og_site_name":"Helga Seewann","article_modified_time":"2023-01-11T16:23:46+00:00","twitter_card":"summary_large_image","twitter_misc":{"Est. reading time":"4 minutes"},"schema":{"@context":"https:\/\/schema.org","@graph":[{"@type":"WebPage","@id":"https:\/\/www.helgaseewann.de\/datenschutzerklaerung\/","url":"https:\/\/www.helgaseewann.de\/datenschutzerklaerung\/","name":"Privacy policy - Helga Seewann","isPartOf":{"@id":"https:\/\/www.helgaseewann.de\/#website"},"datePublished":"2022-03-08T14:50:18+00:00","dateModified":"2023-01-11T16:23:46+00:00","description":"Helga Seewann ist seit 1984 als Performerin und Choreographin t\u00e4tig. Sie unterrichtete viele Jahren an Schauspielschulen und heute noch in ihrem eigenen Studio in M\u00fcnchen","breadcrumb":{"@id":"https:\/\/www.helgaseewann.de\/datenschutzerklaerung\/#breadcrumb"},"inLanguage":"en-US","potentialAction":[{"@type":"ReadAction","target":["https:\/\/www.helgaseewann.de\/datenschutzerklaerung\/"]}]},{"@type":"BreadcrumbList","@id":"https:\/\/www.helgaseewann.de\/datenschutzerklaerung\/#breadcrumb","itemListElement":[{"@type":"ListItem","position":1,"name":"Startseite","item":"https:\/\/www.helgaseewann.de\/en\/"},{"@type":"ListItem","position":2,"name":"Privacy policy"}]},{"@type":"WebSite","@id":"https:\/\/www.helgaseewann.de\/#website","url":"https:\/\/www.helgaseewann.de\/","name":"Helga Seewann","description":"Internetauftritt der zeitgen\u00f6ssischen T\u00e4nzerin, Trauer- und Gedenkt\u00e4nzerin und Choreografin","publisher":{"@id":"https:\/\/www.helgaseewann.de\/#organization"},"potentialAction":[{"@type":"SearchAction","target":{"@type":"EntryPoint","urlTemplate":"https:\/\/www.helgaseewann.de\/?s={search_term_string}"},"query-input":{"@type":"PropertyValueSpecification","valueRequired":true,"valueName":"search_term_string"}}],"inLanguage":"en-US"},{"@type":"Organization","@id":"https:\/\/www.helgaseewann.de\/#organization","name":"Helga Seewann \u2013 K\u00f6rperarbeit, Tanz","url":"https:\/\/www.helgaseewann.de\/","logo":{"@type":"ImageObject","inLanguage":"en-US","@id":"https:\/\/www.helgaseewann.de\/#\/schema\/logo\/image\/","url":"https:\/\/www.helgaseewann.de\/wp-content\/uploads\/2022\/06\/helga-seewann-logo-scaled.jpg","contentUrl":"https:\/\/www.helgaseewann.de\/wp-content\/uploads\/2022\/06\/helga-seewann-logo-scaled.jpg","width":2560,"height":1533,"caption":"Helga Seewann \u2013 K\u00f6rperarbeit, Tanz"},"image":{"@id":"https:\/\/www.helgaseewann.de\/#\/schema\/logo\/image\/"}}]}},"_links":{"self":[{"href":"https:\/\/www.helgaseewann.de\/en\/wp-json\/wp\/v2\/pages\/7259","targetHints":{"allow":["GET"]}}],"collection":[{"href":"https:\/\/www.helgaseewann.de\/en\/wp-json\/wp\/v2\/pages"}],"about":[{"href":"https:\/\/www.helgaseewann.de\/en\/wp-json\/wp\/v2\/types\/page"}],"author":[{"embeddable":true,"href":"https:\/\/www.helgaseewann.de\/en\/wp-json\/wp\/v2\/users\/1"}],"replies":[{"embeddable":true,"href":"https:\/\/www.helgaseewann.de\/en\/wp-json\/wp\/v2\/comments?post=7259"}],"version-history":[{"count":61,"href":"https:\/\/www.helgaseewann.de\/en\/wp-json\/wp\/v2\/pages\/7259\/revisions"}],"predecessor-version":[{"id":8043,"href":"https:\/\/www.helgaseewann.de\/en\/wp-json\/wp\/v2\/pages\/7259\/revisions\/8043"}],"wp:attachment":[{"href":"https:\/\/www.helgaseewann.de\/en\/wp-json\/wp\/v2\/media?parent=7259"}],"curies":[{"name":"wp","href":"https:\/\/api.w.org\/{rel}","templated":true}]}}